{"id":13905,"date":"2021-07-01T12:07:25","date_gmt":"2021-07-01T10:07:25","guid":{"rendered":"https:\/\/egassbarcelona.com\/talles\/"},"modified":"2025-10-07T16:29:46","modified_gmt":"2025-10-07T14:29:46","slug":"talles","status":"publish","type":"page","link":"https:\/\/egassbarcelona.com\/ca\/talles\/","title":{"rendered":"Talles"},"content":{"rendered":"\t\t<div data-elementor-type=\"wp-page\" data-elementor-id=\"13905\" class=\"elementor elementor-13905 elementor-13899\" data-elementor-post-type=\"page\">\n\t\t\t\t<div class=\"wd-negative-gap elementor-element elementor-element-7b402d4 e-flex e-con-boxed e-con e-parent\" data-id=\"7b402d4\" data-element_type=\"container\" data-e-type=\"container\">\n\t\t\t\t\t<div class=\"e-con-inner\">\n\t\t<div class=\"elementor-element elementor-element-f718576 e-con-full e-flex e-con e-child\" data-id=\"f718576\" data-element_type=\"container\" data-e-type=\"container\">\n\t\t\t\t<div class=\"elementor-element elementor-element-4117b8e elementor-widget elementor-widget-heading\" data-id=\"4117b8e\" data-element_type=\"widget\" data-e-type=\"widget\" data-widget_type=\"heading.default\">\n\t\t\t\t\t<h3 class=\"elementor-heading-title elementor-size-default\">COLLARETS CURTS<\/h3>\t\t\t\t<\/div>\n\t\t\t\t<div class=\"elementor-element elementor-element-432da3d elementor-widget-divider--view-line elementor-widget elementor-widget-divider\" data-id=\"432da3d\" data-element_type=\"widget\" data-e-type=\"widget\" data-widget_type=\"divider.default\">\n\t\t\t\t\t\t\t<div class=\"elementor-divider\">\n\t\t\t<span class=\"elementor-divider-separator\">\n\t\t\t\t\t\t<\/span>\n\t\t<\/div>\n\t\t\t\t\t\t<\/div>\n\t\t\t\t<div class=\"elementor-element elementor-element-537e159 color-scheme-inherit text-left elementor-widget elementor-widget-text-editor\" data-id=\"537e159\" data-element_type=\"widget\" data-e-type=\"widget\" data-widget_type=\"text-editor.default\">\n\t\t\t\t\t\t\t\t\t<p>Mida del <strong>collaret<\/strong>:<\/p><p>S: 37 cm | M: 42 cm | L: 47 cm| XL: 52<\/p><p><strong>GARGANTILLAS, \u00fanicament els que puntualitzem que s\u00f3n \u201cgargantillas\u201d.<\/strong><\/p><p>Mida de la <strong>gargantilla<\/strong>:<\/p><p>S: 31 cm | M: 33 cm | L . 36 cm <\/p>\t\t\t\t\t\t\t\t<\/div>\n\t\t\t\t<\/div>\n\t\t<div class=\"elementor-element elementor-element-31b5763 e-con-full e-flex e-con e-child\" data-id=\"31b5763\" data-element_type=\"container\" data-e-type=\"container\" data-settings=\"{&quot;background_background&quot;:&quot;classic&quot;}\">\n\t\t\t\t<div class=\"elementor-element elementor-element-bc76fbc elementor-widget elementor-widget-heading\" data-id=\"bc76fbc\" data-element_type=\"widget\" data-e-type=\"widget\" data-widget_type=\"heading.default\">\n\t\t\t\t\t<h3 class=\"elementor-heading-title elementor-size-default\">COLLARETS LLARGS<\/h3>\t\t\t\t<\/div>\n\t\t\t\t<div class=\"elementor-element elementor-element-001b391 elementor-widget-divider--view-line elementor-widget elementor-widget-divider\" data-id=\"001b391\" data-element_type=\"widget\" data-e-type=\"widget\" data-widget_type=\"divider.default\">\n\t\t\t\t\t\t\t<div class=\"elementor-divider\">\n\t\t\t<span class=\"elementor-divider-separator\">\n\t\t\t\t\t\t<\/span>\n\t\t<\/div>\n\t\t\t\t\t\t<\/div>\n\t\t\t\t<div class=\"elementor-element elementor-element-cf71bee color-scheme-inherit text-left elementor-widget elementor-widget-text-editor\" data-id=\"cf71bee\" data-element_type=\"widget\" data-e-type=\"widget\" data-widget_type=\"text-editor.default\">\n\t\t\t\t\t\t\t\t\t<p>Longitud o llargada del <strong>collaret<\/strong>:<\/p><p>XS: 48-49 cm | S: 50-51 cm | M:52-53 cm | L: 54-55 cm | XL: 56-57 cm<\/p><p>Tots els nostres collarets de tanca, porten una cadeneta de 5 cm. aproximadament per allargar la mida i aix\u00ed ajustar-la exactament al teu gust.<\/p>\t\t\t\t\t\t\t\t<\/div>\n\t\t\t\t<\/div>\n\t\t<div class=\"elementor-element elementor-element-6eb6799 e-con-full e-flex e-con e-child\" data-id=\"6eb6799\" data-element_type=\"container\" data-e-type=\"container\">\n\t\t\t\t<div class=\"elementor-element elementor-element-1fabe83 elementor-widget elementor-widget-heading\" data-id=\"1fabe83\" data-element_type=\"widget\" data-e-type=\"widget\" data-widget_type=\"heading.default\">\n\t\t\t\t\t<h3 class=\"elementor-heading-title elementor-size-default\">POLSERES<\/h3>\t\t\t\t<\/div>\n\t\t\t\t<div class=\"elementor-element elementor-element-68bfd83 elementor-widget-divider--view-line elementor-widget elementor-widget-divider\" data-id=\"68bfd83\" data-element_type=\"widget\" data-e-type=\"widget\" data-widget_type=\"divider.default\">\n\t\t\t\t\t\t\t<div class=\"elementor-divider\">\n\t\t\t<span class=\"elementor-divider-separator\">\n\t\t\t\t\t\t<\/span>\n\t\t<\/div>\n\t\t\t\t\t\t<\/div>\n\t\t\t\t<div class=\"elementor-element elementor-element-4c2aee7 color-scheme-inherit text-left elementor-widget elementor-widget-text-editor\" data-id=\"4c2aee7\" data-element_type=\"widget\" data-e-type=\"widget\" data-widget_type=\"text-editor.default\">\n\t\t\t\t\t\t\t\t\t<p>Mida del <strong>canell<\/strong>:<\/p><p>XS: 14 cm | S: 15 cm | M: 16 cm | L: 17 cm | XL: 18<\/p><p>Per mesurar el per\u00edmetre del canell, agafa una corda o un tros de cinta amb el que puguis envoltar el canell. Marca a la corda on s\u2019ajunti per\u00f2 sense que t\u2019estrenyi. Aquesta mateixa corda porta-la sobre un regle superposant i mesurant la longitud en cent\u00edmetres que t\u00e9 el per\u00edmetre del teu canell.  <\/p><p>Totes les nostres peces estan fetes una a una a m\u00e0, aix\u00ed que si necessites alguna talla que no trobes, per favor escriu-nos i, si \u00e9s possible, t\u2019ho farem encantats.<\/p>\t\t\t\t\t\t\t\t<\/div>\n\t\t\t\t<\/div>\n\t\t\t\t\t<\/div>\n\t\t\t\t<\/div>\n\t\t\t\t<\/div>\n\t\t","protected":false},"excerpt":{"rendered":"<p>COLLARETS CURTS Mida del collaret: S: 37 cm | M: 42 cm | L: 47 cm| XL: 52 GARGANTILLAS, \u00fanicament<\/p>\n","protected":false},"author":14,"featured_media":12644,"parent":0,"menu_order":0,"comment_status":"closed","ping_status":"closed","template":"","meta":{"_seopress_robots_primary_cat":"0","_seopress_titles_title":"","_seopress_titles_desc":"","_seopress_robots_index":"","footnotes":""},"class_list":["post-13905","page","type-page","status-publish","has-post-thumbnail","hentry"],"_links":{"self":[{"href":"https:\/\/egassbarcelona.com\/ca\/wp-json\/wp\/v2\/pages\/13905","targetHints":{"allow":["GET"]}}],"collection":[{"href":"https:\/\/egassbarcelona.com\/ca\/wp-json\/wp\/v2\/pages"}],"about":[{"href":"https:\/\/egassbarcelona.com\/ca\/wp-json\/wp\/v2\/types\/page"}],"author":[{"embeddable":true,"href":"https:\/\/egassbarcelona.com\/ca\/wp-json\/wp\/v2\/users\/14"}],"replies":[{"embeddable":true,"href":"https:\/\/egassbarcelona.com\/ca\/wp-json\/wp\/v2\/comments?post=13905"}],"version-history":[{"count":0,"href":"https:\/\/egassbarcelona.com\/ca\/wp-json\/wp\/v2\/pages\/13905\/revisions"}],"wp:featuredmedia":[{"embeddable":true,"href":"https:\/\/egassbarcelona.com\/ca\/wp-json\/wp\/v2\/media\/12644"}],"wp:attachment":[{"href":"https:\/\/egassbarcelona.com\/ca\/wp-json\/wp\/v2\/media?parent=13905"}],"curies":[{"name":"wp","href":"https:\/\/api.w.org\/{rel}","templated":true}]}}